{"id":567,"date":"2023-11-08T11:07:25","date_gmt":"2023-11-08T11:07:25","guid":{"rendered":"https:\/\/www.dychat.eu\/?page_id=567"},"modified":"2023-11-08T11:07:25","modified_gmt":"2023-11-08T11:07:25","slug":"informace-o-zpracovavani-osobnich-udaju","status":"publish","type":"page","link":"https:\/\/www.dychat.eu\/index.php\/informace-o-zpracovavani-osobnich-udaju\/","title":{"rendered":"Informace o zpracova\u0301va\u0301ni\u0301 osobni\u0301ch u\u0301daju\u030a"},"content":{"rendered":"\n<p>Informace o zpracov\u00e1v\u00e1n\u00ed osobn\u00edch \u00fadaj\u016f<br>Mgr. Petry Urbanczykov\u00e9\u00a0ze dne 24. 5. 2018<br>Spr\u00e1vce osobn\u00edch \u00fadaj\u016f<br>Mgr. Petra Urbanczykov\u00e1, I\u010c: 87278278<br>m\u00edsto podnik\u00e1n\u00ed: Pod Kapli\u010dkou 871, 250 91 Zelene\u010d<br>email: petra.urbanczykova@dychat.eu<br>(d\u00e1le jen \u201eSpr\u00e1vce\u201c)<\/p>\n\n\n\n<p>Zpracov\u00e1v\u00e1n\u00ed osobn\u00edch \u00fadaj\u016f<br>Spr\u00e1vce zpracov\u00e1v\u00e1 Va\u0161e osobn\u00ed \u00fadaje, nutn\u00e9 pro \u0159\u00e1dn\u00fd v\u00fdkon sv\u00e9 \u010dinnosti (d\u00e1le tak\u00e9 jako \u201eOsobn\u00ed \u00fadaje\u201c).<br>Va\u0161e Osobn\u00ed \u00fadaje Spr\u00e1vce zpracov\u00e1v\u00e1 pouze pro n\u00ed\u017ee uveden\u00e9 \u00fa\u010dely a na z\u00e1klad\u011b uveden\u00fdch pr\u00e1vn\u00edch z\u00e1klad\u016f:<br>pln\u011bn\u00ed smlouvy tj. v&nbsp;souvislosti s poskytnut\u00edm lektorsk\u00e9 \u010dinnosti, kurzu apod. a s&nbsp;informov\u00e1n\u00edm o po\u0159\u00e1dan\u00fdch akc\u00edch;<br>pln\u011bn\u00ed z\u00e1konn\u00fdch povinnost\u00ed.<br>Spr\u00e1vce zpracov\u00e1v\u00e1 tyto Va\u0161e osobn\u00ed \u00fadaje pro pln\u011bn\u00ed smlouvy:<br>Jm\u00e9no, p\u0159\u00edjmen\u00ed, email, mobiln\u00ed telefon<br>Spr\u00e1vce zpracov\u00e1v\u00e1 tyto Va\u0161e osobn\u00ed \u00fadaje pro pln\u011bn\u00ed z\u00e1konn\u00fdch povinnost\u00ed ve vztahu k&nbsp;p\u0159\u00edslu\u0161n\u00e9mu finan\u010dn\u00edmu \u00fa\u0159adu:<br>Jm\u00e9no, p\u0159\u00edjmen\u00ed<br>Osobn\u00ed \u00fadaje budou Spr\u00e1vcem zpracov\u00e1v\u00e1ny po dobu trv\u00e1n\u00ed smlouvy, nebo po dobu nezbytnou k&nbsp;pln\u011bn\u00ed archiva\u010dn\u00edch povinnost\u00ed Spr\u00e1vce podle platn\u00fdch pr\u00e1vn\u00edch p\u0159edpis\u016f nejd\u00e9le v\u0161ak 10 let od jej\u00edho ukon\u010den\u00ed.<br>V&nbsp;souladu s&nbsp;p\u0159edpisy pro ochranu osobn\u00edch \u00fadaj\u016f m\u00e1te tato pr\u00e1va:<br>Pr\u00e1vo na p\u0159\u00edstup k&nbsp;Osobn\u00edm \u00fadaj\u016fm u Spr\u00e1vce, co\u017e znamen\u00e1, \u017ee si m\u016f\u017eete kdykoliv po\u017e\u00e1dat o potvrzen\u00ed Spr\u00e1vce, zda Osobn\u00ed \u00fadaje, kter\u00e9 se V\u00e1s t\u00fdkaj\u00ed, jsou \u010di nejsou zpracov\u00e1v\u00e1ny, a pokud jsou, pak za jak\u00fdmi \u00fa\u010dely, v jak\u00e9m rozsahu, komu jsou zp\u0159\u00edstupn\u011bny, jak dlouho budou zpracov\u00e1v\u00e1ny, zda m\u00e1te pr\u00e1vo na opravu, v\u00fdmaz, omezen\u00ed zpracov\u00e1n\u00ed \u010di vzn\u00e9st n\u00e1mitku, odkud byly Osobn\u00ed \u00fadaje z\u00edsk\u00e1ny, a zda doch\u00e1z\u00ed na z\u00e1klad\u011b zpracov\u00e1n\u00ed Osobn\u00edch \u00fadaj\u016f k automatick\u00e9mu rozhodov\u00e1n\u00ed, v\u010detn\u011b p\u0159\u00edpadn\u00e9ho profilov\u00e1n\u00ed. Tak\u00e9 m\u00e1te pr\u00e1vo z\u00edskat kopii Va\u0161ich osobn\u00edch \u00fadaj\u016f, p\u0159i\u010dem\u017e prvn\u00ed poskytnut\u00ed je bezplatn\u00e9, za dal\u0161\u00ed poskytnut\u00ed pak m\u016f\u017ee Spr\u00e1vce po\u017eadovat p\u0159im\u011b\u0159enou \u00fahradu administrativn\u00edch n\u00e1klad\u016f.<br>Pr\u00e1vo na opravu Osobn\u00edch \u00fadaj\u016f, co\u017e znamen\u00e1, \u017ee m\u016f\u017eete po\u017e\u00e1dat Spr\u00e1vce o opravu \u010di dopln\u011bn\u00ed Osobn\u00edch \u00fadaj\u016f, pokud by byly nep\u0159esn\u00e9 \u010di ne\u00fapln\u00e9.<br>Pr\u00e1vo na v\u00fdmaz Osobn\u00edch \u00fadaj\u016f, co\u017e znamen\u00e1, \u017ee Spr\u00e1vce mus\u00ed vymazat Va\u0161e Osobn\u00ed \u00fadaje pokud (i) ji\u017e nejsou pot\u0159ebn\u00e9 pro \u00fa\u010dely, pro kter\u00e9 byly shrom\u00e1\u017ed\u011bny nebo jinak zpracov\u00e1ny, (ii) odvol\u00e1te souhlas a neexistuje \u017e\u00e1dn\u00fd dal\u0161\u00ed d\u016fvod pro zpracov\u00e1n\u00ed (iii) vznesete n\u00e1mitky proti&nbsp;zpracov\u00e1n\u00ed a neexistuj\u00ed \u017e\u00e1dn\u00e9 p\u0159eva\u017euj\u00edc\u00ed opr\u00e1vn\u011bn\u00e9 d\u016fvody pro zpracov\u00e1n\u00ed (iv) zpracov\u00e1n\u00ed je protipr\u00e1vn\u00ed nebo (v) to ukl\u00e1d\u00e1 z\u00e1konn\u00e1 povinnost.<br>Pr\u00e1vo na omezen\u00ed zpracov\u00e1n\u00ed Osobn\u00edch \u00fadaj\u016f, co\u017e znamen\u00e1, \u017ee dokud se nevy\u0159e\u0161\u00ed sporn\u00e9 ot\u00e1zky ohledn\u011b zpracov\u00e1n\u00ed Va\u0161ich Osobn\u00edch \u00fadaj\u016f, konkr\u00e9tn\u011b pokud (i) pop\u00edr\u00e1te p\u0159esnost Osobn\u00edch \u00fadaj\u016f, (ii) zpracov\u00e1n\u00ed je protipr\u00e1vn\u00ed, ale m\u00edsto v\u00fdmazu Osobn\u00edch \u00fadaj\u016f chcete jejich zpracov\u00e1n\u00ed pouze omezit, (iii) Spr\u00e1vce ji\u017e Osobn\u00ed \u00fadaje nepot\u0159ebuje pro \u00fa\u010dely zpracov\u00e1n\u00ed, ale Vy ano (iv) nebo pokud V\u00e1mi byla vznesena n\u00e1mitka proti zpracov\u00e1n\u00ed dle \u010dl. 1.7.6. Spr\u00e1vce m\u016f\u017ee m\u00edt Osobn\u00ed \u00fadaje pouze ulo\u017eeny a dal\u0161\u00ed zpracov\u00e1n\u00ed je podm\u00edn\u011bno Va\u0161\u00edm souhlasem, p\u0159\u00edpadn\u011b t\u00edm, \u017ee tyto \u00fadaje jsou pot\u0159eba z&nbsp;d\u016fvodu ur\u010den\u00ed, v\u00fdkonu nebo obhajoby pr\u00e1vn\u00edch n\u00e1rok\u016f,<br>Pr\u00e1vo na p\u0159enositelnost \u00fadaj\u016f, co\u017e znamen\u00e1, \u017ee m\u00e1te pr\u00e1vo z\u00edskat Va\u0161e Osobn\u00ed \u00fadaje, kter\u00e9 jste poskytl Spr\u00e1vci se souhlasem ke zpracov\u00e1n\u00ed nebo pro \u00fa\u010dely pln\u011bn\u00ed smlouvy, ve strukturovan\u00e9m a b\u011b\u017en\u011b pou\u017e\u00edvan\u00e9m form\u00e1tu, a, je-li to technicky provediteln\u00e9, m\u00e1te pr\u00e1vo, aby Spr\u00e1vce tyto \u00fadaje p\u0159edal jin\u00e9mu spr\u00e1vci.<br>Pr\u00e1vo vzn\u00e9st n\u00e1mitku proti zpracov\u00e1n\u00ed Osobn\u00edch \u00fadaj\u016f, co\u017e znamen\u00e1, \u017ee m\u016f\u017eete u Spr\u00e1vce podat p\u00edsemnou \u010di elektronickou n\u00e1mitku proti zpracov\u00e1n\u00ed sv\u00fdch Osobn\u00edch \u00fadaj\u016f, \u010d\u00edm\u017e zp\u016fsob\u00edte, \u017ee Spr\u00e1vce Osobn\u00ed \u00fadaje d\u00e1le nezpracov\u00e1v\u00e1, pokud neprok\u00e1\u017ee z\u00e1va\u017en\u00e9 opr\u00e1vn\u011bn\u00e9 d\u016fvody pro zpracov\u00e1n\u00ed, kter\u00e9 p\u0159eva\u017euj\u00ed nad Va\u0161imi z\u00e1jmy nebo pr\u00e1vy a svobodami.<br>Ve\u0161ker\u00e1 sv\u00e1 pr\u00e1va, stanoven\u00e1 p\u0159edchoz\u00edm odstavcem, m\u016f\u017eete uplatnit u Spr\u00e1vce bu\u010fto p\u00edsemnou formou doporu\u010den\u00fdm dopisem, zaslan\u00fdm na adresu jeho m\u00edsta podnik\u00e1n\u00ed, \u010di elektronickou formou na e-mailov\u00e9 adrese: \u2026..<br>D\u00e1le m\u00e1te pr\u00e1vo podat st\u00ed\u017enost proti zpracov\u00e1n\u00ed Osobn\u00edch \u00fadaj\u016f u p\u0159\u00edslu\u0161n\u00e9ho \u00fa\u0159adu. Ke dni vyd\u00e1n\u00ed t\u00e9to informace nebyl schv\u00e1len prov\u00e1d\u011bc\u00ed p\u0159edpis, kter\u00fdm bude p\u0159\u00edslu\u0161n\u00fd \u00fa\u0159ad ur\u010den. Nicm\u00e9n\u011b se o\u010dek\u00e1v\u00e1, \u017ee na 99% j\u00edm bude \u00da\u0159ad pro ochranu osobn\u00edch \u00fadaj\u016f. Podrobnosti zjist\u00edte na adrese: www.uoou.cz.<br>Poskytnut\u00ed osobn\u00edch \u00fadaj\u016f je po\u017eadov\u00e1no z&nbsp;d\u016fvodu, \u017ee jsou nezbytn\u00e9 pro pln\u011bn\u00ed z\u00e1vazk\u016f ze smlouvy, p\u0159\u00edpadn\u011b jejich poskytnut\u00ed vy\u017eaduje z\u00e1kon. D\u016fsledkem neposkytnut\u00ed \u00fadaj\u016f m\u016f\u017ee b\u00fdt neuzav\u0159en\u00ed smlouvy.<br>Na z\u00e1klad\u011b zpracov\u00e1van\u00fdch Osobn\u00edch \u00fadaj\u016f nedoch\u00e1z\u00ed k&nbsp;automatizovan\u00e9mu rozhodov\u00e1n\u00ed, ani k profilov\u00e1n\u00ed.<br>V&nbsp;p\u0159\u00edpad\u011b, \u017ee bude Spr\u00e1vce u\u017e\u00edvat osobn\u00ed \u00fadaje k&nbsp;jin\u00e9mu \u00fa\u010delu, ne\u017e kter\u00fd je stanoven v&nbsp;t\u00e9to informa\u010dn\u00ed dolo\u017ece, neprodlen\u011b V\u00e1m poskytne informaci o tomto jin\u00e9m \u00fa\u010delu a dal\u0161\u00ed informace uveden\u00e9 v&nbsp;t\u00e9to dolo\u017ece.<br>Aktu\u00e1ln\u00ed zn\u011bn\u00ed t\u011bchto informac\u00ed V\u00e1m bude on-line k&nbsp;dispozici na http:\/\/www.dychat.eu\/<\/p>\n\n\n\n<p>V&nbsp;Praze dne 24. 5. 2018<\/p>\n\n\n\n<p>Mgr. Petra Urbanczykov\u00e1<\/p>\n","protected":false},"excerpt":{"rendered":"<p>Informace o zpracov\u00e1v\u00e1n\u00ed osobn\u00edch \u00fadaj\u016fMgr. Petry Urbanczykov\u00e9\u00a0ze dne 24. 5. 2018Spr\u00e1vce osobn\u00edch \u00fadaj\u016fMgr. Petra Urbanczykov\u00e1, I\u010c: 87278278m\u00edsto podnik\u00e1n\u00ed: Pod Kapli\u010dkou 871, 250 91 Zelene\u010demail: petra.urbanczykova@dychat.eu(d\u00e1le jen \u201eSpr\u00e1vce\u201c) Zpracov\u00e1v\u00e1n\u00ed osobn\u00edch \u00fadaj\u016fSpr\u00e1vce zpracov\u00e1v\u00e1 Va\u0161e osobn\u00ed \u00fadaje, nutn\u00e9 pro \u0159\u00e1dn\u00fd v\u00fdkon sv\u00e9 \u010dinnosti (d\u00e1le tak\u00e9 jako \u201eOsobn\u00ed \u00fadaje\u201c).Va\u0161e Osobn\u00ed \u00fadaje Spr\u00e1vce zpracov\u00e1v\u00e1 pouze pro n\u00ed\u017ee uveden\u00e9 \u00fa\u010dely a &hellip;<\/p>\n<p class=\"read-more\"> <a class=\"\" href=\"https:\/\/www.dychat.eu\/index.php\/informace-o-zpracovavani-osobnich-udaju\/\"> <span class=\"screen-reader-text\">Informace o zpracova\u0301va\u0301ni\u0301 osobni\u0301ch u\u0301daju\u030a<\/span> Read More &raquo;<\/a><\/p>\n","protected":false},"author":1,"featured_media":0,"parent":0,"menu_order":0,"comment_status":"closed","ping_status":"closed","template":"","meta":{"qubely_global_settings":"","qubely_interactions":"","_coblocks_attr":"","_coblocks_dimensions":"","_coblocks_responsive_height":"","_coblocks_accordion_ie_support":"","site-sidebar-layout":"default","site-content-layout":"","ast-site-content-layout":"","site-content-style":"default","site-sidebar-style":"default","ast-global-header-display":"","ast-banner-title-visibility":"","ast-main-header-display":"","ast-hfb-above-header-display":"","ast-hfb-below-header-display":"","ast-hfb-mobile-header-display":"","site-post-title":"","ast-breadcrumbs-content":"","ast-featured-img":"","footer-sml-layout":"","theme-transparent-header-meta":"","adv-header-id-meta":"","stick-header-meta":"","header-above-stick-meta":"","header-main-stick-meta":"","header-below-stick-meta":"","astra-migrate-meta-layouts":"","footnotes":""},"_links":{"self":[{"href":"https:\/\/www.dychat.eu\/index.php\/wp-json\/wp\/v2\/pages\/567"}],"collection":[{"href":"https:\/\/www.dychat.eu\/index.php\/wp-json\/wp\/v2\/pages"}],"about":[{"href":"https:\/\/www.dychat.eu\/index.php\/wp-json\/wp\/v2\/types\/page"}],"author":[{"embeddable":true,"href":"https:\/\/www.dychat.eu\/index.php\/wp-json\/wp\/v2\/users\/1"}],"replies":[{"embeddable":true,"href":"https:\/\/www.dychat.eu\/index.php\/wp-json\/wp\/v2\/comments?post=567"}],"version-history":[{"count":1,"href":"https:\/\/www.dychat.eu\/index.php\/wp-json\/wp\/v2\/pages\/567\/revisions"}],"predecessor-version":[{"id":568,"href":"https:\/\/www.dychat.eu\/index.php\/wp-json\/wp\/v2\/pages\/567\/revisions\/568"}],"wp:attachment":[{"href":"https:\/\/www.dychat.eu\/index.php\/wp-json\/wp\/v2\/media?parent=567"}],"curies":[{"name":"wp","href":"https:\/\/api.w.org\/{rel}","templated":true}]}}